{"id":147355,"date":"2020-01-15T10:43:50","date_gmt":"2020-01-15T09:43:50","guid":{"rendered":"http:\/\/localhost:8000\/?page_id=111833"},"modified":"2026-04-14T16:19:47","modified_gmt":"2026-04-14T14:19:47","slug":"accueil","status":"publish","type":"page","link":"https:\/\/www.lesmaconsdelacreuse.fr\/annuaires\/","title":{"rendered":"Annuaires des migrants ma\u00e7ons de la Creuse"},"content":{"rendered":"<p class=\"last-updated\"><strong>Mis \u00e0 jour le :<\/strong> 30\/04\/2026<\/p><p style=\"text-align: center;\"><span style=\"color: #ff0000;\"><strong>ACTUALIT\u00c9 R\u00c9CENTE<\/strong> <strong>(avril 2026)<\/strong><\/span><\/p>\r\n<p style=\"text-align: center;\">49 800 fiches au 01\/04\/2026 et BIENT\u00d4T&#8230; 50 000<\/p>\r\n<a href=\"https:\/\/www.lesmaconsdelacreuse.fr\/annuaires\/wp-content\/uploads\/2026\/03\/visuel-def-50-000.-5.jpeg\" target=\"_blank\" rel=\"noopener\"><img loading=\"lazy\" decoding=\"async\" class=\"aligncenter wp-image-226916 size-medium\" src=\"https:\/\/www.lesmaconsdelacreuse.fr\/annuaires\/wp-content\/uploads\/2026\/03\/visuel-def-50-000.-5-300x164.jpeg\" alt=\"\" width=\"300\" height=\"164\" srcset=\"https:\/\/www.lesmaconsdelacreuse.fr\/annuaires\/wp-content\/uploads\/2026\/03\/visuel-def-50-000.-5-300x164.jpeg 300w, https:\/\/www.lesmaconsdelacreuse.fr\/annuaires\/wp-content\/uploads\/2026\/03\/visuel-def-50-000.-5-1024x559.jpeg 1024w, https:\/\/www.lesmaconsdelacreuse.fr\/annuaires\/wp-content\/uploads\/2026\/03\/visuel-def-50-000.-5-768x419.jpeg 768w, https:\/\/www.lesmaconsdelacreuse.fr\/annuaires\/wp-content\/uploads\/2026\/03\/visuel-def-50-000.-5-18x10.jpeg 18w, https:\/\/www.lesmaconsdelacreuse.fr\/annuaires\/wp-content\/uploads\/2026\/03\/visuel-def-50-000.-5-150x82.jpeg 150w, https:\/\/www.lesmaconsdelacreuse.fr\/annuaires\/wp-content\/uploads\/2026\/03\/visuel-def-50-000.-5.jpeg 1408w\" sizes=\"auto, (max-width: 300px) 100vw, 300px\" \/><\/a>.\r\n<span style=\"color: #0000ff;\"><b>Pour ajouter votre pierre a\u0300 l\u2019\u00e9difice<\/b><\/span><span style=\"font-weight: 400;\">, envoyez vos informations a\u0300 <\/span><a href=\"mailto:contact@lesmaconsdelacreuse.fr\"><span style=\"font-weight: 400;\">contact@lesmaconsdelacreuse.fr<\/span><\/a><span style=\"font-weight: 400;\">\u00a0 (<span style=\"color: #ff0000;\">mod\u00e8le de matrice \u00e0 remplir<\/span> : <a href=\"https:\/\/www.lesmaconsdelacreuse.fr\/annuaires\/wp-content\/uploads\/2021\/05\/matrice-annuaire.docx\" target=\"_blank\" rel=\"noopener\">VOIR<\/a>) ou utilisez la fonction \u00ab je souhaite compl\u00e9ter les informations \u00bb dans chaque fiche individuelle.<\/span>\r\n\r\nPrincipaux ajouts en mars :<span style=\"color: #000000;\">\r\n<\/span><span style=\"color: #000000;\">&#8211; L\u2019exploitation des registres matricules de la subdivision militaire de Magnac-Laval (87) pour les migrants n\u00e9s en 1893 et 1894\r\n<\/span><span style=\"color: #000000;\">&#8211; L\u2019exploitation des registres matricules de la subdivision militaire de Magnac-Laval (87) pour les migrants n\u00e9s en 1893 et 1894<\/span>\r\n\r\n<span style=\"color: #000000;\">et des nouvelles fiches pour les communes de : L\u00e9pinas, Maisonnisses, Sardent, Gu\u00e9ret, Genouillac, M\u00e9rinchal, Jarnages, Parsac, Saint-Marc-\u00e0-Frongier, Peyrat-la-Noni\u00e8re, Saint-Chabrais, Vigeville&#8230;<\/span>\r\n\r\nCi-dessous \u00e9volution du nombre de fiches dans l&rsquo;annuaire num\u00e9rique depuis sa cr\u00e9ation (cliquer sur l&rsquo;image pour l&rsquo;agrandir)<span style=\"color: #41a62a;\"><span style=\"outline-color: initial; outline-style: initial;\"><a style=\"color: #41a62a; outline: 0px;\" href=\"https:\/\/www.lesmaconsdelacreuse.fr\/annuaires\/wp-content\/uploads\/2026\/01\/Bilan-quantitatif-annuaire.jpg\" target=\"_blank\" rel=\"noopener\"><img loading=\"lazy\" decoding=\"async\" class=\"aligncenter wp-image-225273 size-medium\" src=\"https:\/\/www.lesmaconsdelacreuse.fr\/annuaires\/wp-content\/uploads\/2026\/01\/Bilan-quantitatif-annuaire-300x156.jpg\" alt=\"\" width=\"300\" height=\"156\" srcset=\"https:\/\/www.lesmaconsdelacreuse.fr\/annuaires\/wp-content\/uploads\/2026\/01\/Bilan-quantitatif-annuaire-300x156.jpg 300w, https:\/\/www.lesmaconsdelacreuse.fr\/annuaires\/wp-content\/uploads\/2026\/01\/Bilan-quantitatif-annuaire-18x9.jpg 18w, https:\/\/www.lesmaconsdelacreuse.fr\/annuaires\/wp-content\/uploads\/2026\/01\/Bilan-quantitatif-annuaire-150x78.jpg 150w, https:\/\/www.lesmaconsdelacreuse.fr\/annuaires\/wp-content\/uploads\/2026\/01\/Bilan-quantitatif-annuaire.jpg 673w\" sizes=\"auto, (max-width: 300px) 100vw, 300px\" \/><\/a><\/span><\/span>\r\n\r\nPour ne rien manquer de ces publications, nous vous rappelons que les 100 derni\u00e8res fiches publi\u00e9es sont accessibles sur la page \u00ab moteur de recherche de l\u2019annuaire \u00bb\r\n<p style=\"text-align: center;\"><strong>DERNIERE PUBLICATION<\/strong><\/p>\r\n<p style=\"text-align: left;\"><strong>CARTOGRAPHIE IN<\/strong><strong>\u00c9<\/strong><strong>DITE DE LA MIGRATION DES \u00ab\u00a0MA<\/strong><strong>\u00c7<\/strong><strong>ONS DE LA CREUSE \u00bb :\u00a0<\/strong>Brochure num\u00e9rique de 35 pages\u00a0 : <a href=\"https:\/\/heyzine.com\/flip-book\/027daf24f7.html\" target=\"_blank\" rel=\"noopener\">LIRE (flipbooks)<\/a>\u00a0 &#8212;\u00a0 \u00a0 <a href=\"http:\/\/www.lesmaconsdelacreuse.fr\/wp-content\/uploads\/2025\/10\/bulletin-2025-cartographie.pdf\" target=\"_blank\" rel=\"noopener\">LIRE (pdf d\u00e9filement vertical)<\/a><\/p>\r\n<p style=\"text-align: left;\">D\u2019o\u00f9 venaient-ils ?\r\nO\u00f9 allaient-ils\r\nLes flux migratoires pour chaque canton (liste de 1973)<\/p>\r\n<img loading=\"lazy\" decoding=\"async\" class=\"aligncenter wp-image-6661 size-medium\" src=\"http:\/\/www.lesmaconsdelacreuse.fr\/wp-content\/uploads\/2025\/10\/photo-couverture-300x212.jpg\" sizes=\"auto, (max-width: 300px) 100vw, 300px\" srcset=\"https:\/\/www.lesmaconsdelacreuse.fr\/wp-content\/uploads\/2025\/10\/photo-couverture-300x212.jpg 300w, https:\/\/www.lesmaconsdelacreuse.fr\/wp-content\/uploads\/2025\/10\/photo-couverture-1024x724.jpg 1024w, https:\/\/www.lesmaconsdelacreuse.fr\/wp-content\/uploads\/2025\/10\/photo-couverture-768x543.jpg 768w, https:\/\/www.lesmaconsdelacreuse.fr\/wp-content\/uploads\/2025\/10\/photo-couverture-1536x1086.jpg 1536w, https:\/\/www.lesmaconsdelacreuse.fr\/wp-content\/uploads\/2025\/10\/photo-couverture-600x424.jpg 600w, https:\/\/www.lesmaconsdelacreuse.fr\/wp-content\/uploads\/2025\/10\/photo-couverture.jpg 1754w\" alt=\"\" width=\"300\" height=\"212\" \/>\r\n\r\nUne trentaine de cartes pour visualiser la pr\u00e9sence, canton par canton, des \u201cma\u00e7ons de la Creuse\u201d dans les d\u00e9partements fran\u00e7ais. Une approche in\u00e9dite rendue possible par le travail de pr\u00e8s de 400 personnes qui depuis 5 ans ont enrichi l\u2019annuaire num\u00e9rique de l\u2019association et qui, avec plus de 47 000 fiches, en ont fait une base de donn\u00e9es unique et fortement repr\u00e9sentative de la migration.\r\n\r\n<nav class=\"pagination group\"><\/nav>\r\n<p style=\"text-align: center;\"><span style=\"text-align: center;\">****<\/span><\/p>\r\n<p style=\"text-align: center;\"><strong><span style=\"color: #000000;\">Vous pouvez enrichir votre connaissance des \u00ab ma\u00e7ons de la Creuse \u00bb et d\u00e9couvrir quelques belles pages de cette migration en consultant les derni\u00e8res publications de l&rsquo;association<\/span><\/strong><\/p>\r\n\r\n<ul>\r\n \t<li><span style=\"color: #000000;\">La lettre d\u2019information num\u00e9rique N\u00b0 4 du 2<sup>e<\/sup> semestre 2025\u00a0: <a style=\"color: #000000;\" href=\"http:\/\/www.lesmaconsdelacreuse.fr\/wp-content\/uploads\/2025\/12\/annuaire-lettre-information-decembre-2025-v-def.pdf\" target=\"_blank\" rel=\"noopener\">LIRE<\/a><\/span><\/li>\r\n \t<li><span style=\"color: #000000;\">Octobre 2025 : Cartographie in\u00e9dite des migrations des \u00ab\u00a0ma\u00e7ons de la Creuse\u00a0\u00bb<\/span> : <a href=\"https:\/\/heyzine.com\/flip-book\/027daf24f7.html\" target=\"_blank\" rel=\"noopener\">LIRE (flipbooks)<\/a> &#8212; <a href=\"http:\/\/www.lesmaconsdelacreuse.fr\/wp-content\/uploads\/2025\/10\/bulletin-2025-cartographie.pdf\" target=\"_blank\" rel=\"noopener\">LIRE (pdf d\u00e9filement vertical)<\/a><\/li>\r\n \t<li><span style=\"color: #000000;\">La lettre d\u2019information num\u00e9rique N\u00b03 du 1er semestre<\/span><span style=\"color: #000000;\">\u00a0 2025 : <a href=\"https:\/\/www.lesmaconsdelacreuse.fr\/wp-content\/uploads\/2025\/06\/annuaire-lettre-information-juin-2025.pdf\" target=\"_blank\" rel=\"noopener\">LIRE<\/a><\/span><\/li>\r\n \t<li><span style=\"color: #000000;\">Bulletin mars 2025 : Cinq documents d&rsquo;archives = cinq parcours migratoires<\/span> (<a href=\"https:\/\/www.lesmaconsdelacreuse.fr\/wp-content\/uploads\/2025\/03\/BULLETIN-MACON-Sommaire.pdf\" target=\"_blank\" rel=\"noopener\">voir le sommaire<\/a>)<\/li>\r\n \t<li><span style=\"color: #000000;\">La lettre d\u2019information num\u00e9rique N\u00b02 du 2e semestre<\/span><span style=\"color: #000000;\">\u00a0 2024 : <a style=\"color: #000000;\" href=\"http:\/\/www.lesmaconsdelacreuse.fr\/wp-content\/uploads\/2024\/12\/annuaire-lettre-information-decembre-2024.pdf\" target=\"_blank\" rel=\"noopener\">LIRE<\/a><\/span><\/li>\r\n \t<li><span style=\"color: #000000;\">La lettre d\u2019information num\u00e9rique N\u00b01 du 1<sup>er<\/sup> semestre 2024\u00a0: <a style=\"color: #000000;\" href=\"https:\/\/www.lesmaconsdelacreuse.fr\/annuaires\/wp-content\/uploads\/2024\/06\/annuaire-lettre-information-juin-2024.pdf\" target=\"_blank\" rel=\"noopener\">LIRE<\/a><\/span><\/li>\r\n \t<li><span style=\"color: #000000;\">Bulletin 2023 : quelques exemples de migration (<a style=\"color: #000000;\" href=\"http:\/\/www.lesmaconsdelacreuse.fr\/wp-content\/uploads\/2023\/11\/BULLETIN-MACON-2023-textes-sommaire.pdf\" target=\"_blank\" rel=\"noopener\">voir le sommaire<\/a>)<\/span><\/li>\r\n \t<li><span style=\"color: #000000;\">Bulletin 2022 : quelques exemples de migration (<a style=\"color: #000000;\" href=\"http:\/\/www.lesmaconsdelacreuse.fr\/wp-content\/uploads\/2022\/12\/sommaire-bulletin-2022-1.pdf\" target=\"_blank\" rel=\"noopener\">voir le sommaire<\/a>)<\/span><\/li>\r\n \t<li><span style=\"color: #000000;\">Bulletin 2021\u00a0: \u00e9tat des connaissances de la migration et quelques exemples de migration (<a style=\"color: #000000;\" href=\"http:\/\/www.lesmaconsdelacreuse.fr\/wp-content\/uploads\/2024\/05\/couverture-et-sommaire.pdf\" target=\"_blank\" rel=\"noopener\">voir le sommaire<\/a>)<\/span><\/li>\r\n<\/ul>\r\n<a href=\"http:\/\/www.lesmaconsdelacreuse.fr\/boutique\/\" target=\"_blank\" rel=\"noopener\">ACCEDER A LA BOUTIQUE<\/a> <a href=\"http:\/\/www.lesmaconsdelacreuse.fr\/boutique\/\" target=\"_blank\" rel=\"noopener\"><img loading=\"lazy\" decoding=\"async\" class=\"aligncenter wp-image-6313 size-medium\" src=\"http:\/\/www.lesmaconsdelacreuse.fr\/wp-content\/uploads\/2024\/09\/trilogie-bulletin-300x135.jpg\" alt=\"\" width=\"300\" height=\"135\" \/><\/a>\r\n\r\n\r\n\r\n<strong><span style=\"color: #0000ff;\">(re)d\u00e9couvrir le moteur de recherche<\/span> : Quatre crit\u00e8res de recherche<\/strong> :\u00a0nom (patronyme) \u2013 commune de naissance \u2013 d\u00e9partement de migration \u2013 mots cl\u00e9s Mais une infinit\u00e9 de combinaisons : <b>Des recherches multicrit\u00e8res <\/b>: possibilit\u00e9 de saisir une demande dans deux ou trois champs du moteur de recherche. Exemple un nom et une commune de naissance ou une commune de naissance et un d\u00e9partement de migration. <strong>Jouer avec le champ \u00ab\u00a0mot-cl\u00e9<\/strong>\u00bb : Qu\u2019est-ce qu\u2019un mot-cl\u00e9 ? : tout mot de la langue fran\u00e7aise susceptible d\u2019\u00eatre dans le texte d\u2019une fiche. Il peut s\u2019agir d\u2019un nom de famille (l\u2019annuaire comprend de tr\u00e8s nombreux patronymes diff\u00e9rents de ceux des migrants, nom des \u00e9pouses notamment), d\u2019une ville, d\u2019un pays, d\u2019un m\u00e9tier ou de termes plus g\u00e9n\u00e9raux comme \u00ab commune de Paris \u00bb, \u00ab g\u00e2tinais \u00bb&#8230; Depuis quelques semaines, en saisissant S14, S15, S16 ou S17 dans le champ \u00ab mot-cl\u00e9 \u00bb vous pouvez acc\u00e9der \u00e0 la liste des migrants n\u00e9s au 14<sup>e<\/sup>, 15<sup>e<\/sup>\u2026 si\u00e8cles. <strong>Les mots-cl\u00e9s sont une infinie source de recherche et peuvent vous r\u00e9v\u00e9ler de belles surprises<\/strong>. <span style=\"color: #0000ff;\"><b>Pour ajouter votre pierre a\u0300 l\u2019\u00e9difice<\/b><\/span><span style=\"font-weight: 400;\">, envoyez vos informations a\u0300 <\/span><a href=\"mailto:contact@lesmaconsdelacreuse.fr\"><span style=\"font-weight: 400;\">contact@lesmaconsdelacreuse.fr<\/span><\/a><span style=\"font-weight: 400;\">\u00a0 (<span style=\"color: #ff0000;\">mod\u00e8le de matrice \u00e0 remplir<\/span> : <a href=\"https:\/\/www.lesmaconsdelacreuse.fr\/annuaires\/wp-content\/uploads\/2021\/05\/matrice-annuaire.docx\" target=\"_blank\" rel=\"noopener\">VOIR<\/a>) ou utilisez la fonction \u00ab je souhaite compl\u00e9ter les informations \u00bb dans chaque fiche individuelle.<\/span>\r\n<p style=\"text-align: center;\"><span style=\"color: #ff0000;\"><strong>PRESENTATION DE L&rsquo;ANNUAIRE NUMERIQUE : mise \u00e0 jour octobre 2025<\/strong><\/span><\/p>\r\n<strong><span style=\"color: #0000ff;\">Un annuaire num\u00e9rique, cr\u00e9\u00e9 d\u00e9but 2020, qui a pour ambition d\u2019\u00eatre<\/span>\u00a0:<\/strong>\r\n<ul>\r\n \t<li><strong>Un t\u00e9moignage du r\u00f4le et de la vie des hommes qui depuis des si\u00e8cles ont \u00e9crit l\u2019histoire des Ma\u00e7ons migrants de la Creuse. <\/strong>Par son travail de recherche, par les t\u00e9moignages de ses adh\u00e9rents et sympathisants, par les apports des historiens, chercheurs\u2026, l\u2019association a identifi\u00e9 des milliers d\u2019ouvriers du b\u00e2timent et recueilli des milliers d\u2019informations sur leur vie en Creuse et en migration.<\/li>\r\n \t<li><strong>Un travail de collecte participative et de m\u00e9moire collective pour<\/strong> : &#8211; Partager la vie des hommes et des femmes qui ont \u00e9crit une page importante de l\u2019histoire de notre d\u00e9partement, de notre pays. &#8211; Valoriser le travail de recherche approfondie et sectorielle des adh\u00e9rents.<\/li>\r\n<\/ul>\r\n<strong><span style=\"color: #0000ff;\">Un annuaire num\u00e9rique en deux parties distinctes et compl\u00e9mentaires<\/span><\/strong>\r\n<p style=\"padding-left: 40px;\"><span style=\"color: #0000ff;\"><strong>L\u2019annuaire des entrepreneurs et ma\u00e7ons migrants <\/strong><\/span>(\u0153uvre collective) qui int\u00e8gre des milliers de migrants du b\u00e2timent issus de toutes les communes de la Creuse (et certains des d\u00e9partements limitrophes, notamment le nord de la Haute-Vienne, la Corr\u00e8ze et l\u2019Indre) et partis dans quasiment tous les d\u00e9partements fran\u00e7ais et certains m\u00eame \u00e0 l\u2019\u00e9tranger.<\/p>\r\n\r\n<ul>\r\n \t<li style=\"list-style-type: none;\">\r\n<ul>\r\n \t<li><strong>Plusieurs milliers de \u00ab ma\u00e7ons de la Creuse \u00bb qui ont migr\u00e9 du XVe au XXe si\u00e8cles,<\/strong> qu\u2019ils soient entrepreneurs, ma\u00e7ons, tailleurs de pierre, peintres, stucateurs, architectes, tuiliers, pl\u00e2triers\u2026avec leurs \u00e9tat-civil, parcours professionnel, vie en Creuse et en migration, chantiers\u2026<\/li>\r\n \t<li><strong>Et plus de 2 000 entrepreneurs du b\u00e2timent et des travaux publics de la Creuse<\/strong> (auteur : Jean Lelache), travail de recollement des entrepreneurs rencontr\u00e9s au cours de ses recherches vari\u00e9es sur le th\u00e8me des \u00ab Ma\u00e7ons de la Creuse \u00bb.<\/li>\r\n<\/ul>\r\n<\/li>\r\n<\/ul>\r\n<p style=\"padding-left: 40px;\"><span style=\"color: #0000ff;\"><strong>Le dictionnaire des ouvriers du b\u00e2timent de l\u2019ancien canton de Roye\u0300re (23) du milieu du 17e au 20e si\u00e8cle<\/strong><\/span> (auteure : Josette Mor\u00e9)<\/p>\r\n<p style=\"padding-left: 40px;\"><strong>&#8211; <\/strong>Pr\u00e9sentation des communes concern\u00e9es<strong>\u00a0<\/strong>: Le Monteil-au-Vicomte et Ch\u00e2tain-\u00a0 Roy\u00e8re \u2013 Saint-Junien-la-Breg\u00e8re \u2013 Saint-Martin-Ch\u00e2teau \u2013 Saint-Moreil et Charri\u00e8re \u2013 Saint-Pardoux-Lavaud et Morterolles \u2013 Saint-Pierre-le-Bost (Bellevue) \u2013 Le Compeix <strong>&#8211; <\/strong>Plus de 12 000 fiches individuelles <strong>&#8211; <\/strong>De nombreux documents : actes notari\u00e9s &#8211; lettres de ma\u00e7ons &#8211; documents administratifs &#8211; Des photos de lieux et de personnes\u2026<\/p>\r\n<span style=\"color: #0000ff;\"><strong>Un annuaire num\u00e9rique qui rassemble, en d\u00e9cembre 2025, plus de 48 000 fiches individuelles<\/strong><\/span> Des fiches consultables par tous gr\u00e2ce \u00e0 un <strong>moteur de recherche<\/strong> par nom, commune ou mot cl\u00e9\u00a0; ainsi <strong>au gr\u00e9 des connexions<\/strong>, c\u2019est un v\u00e9ritable tour de France dans les pas de nos a\u00efeux qui est\u00a0propos\u00e9. <strong>De sacr\u00e9s parcours et tranches de vie \u2026 une infographie riche avec livrets ouvriers, passeports, chantiers, photos\u2026 \u00e0 d\u00e9couvrir.<\/strong>\r\n<p style=\"text-align: center;\"><span style=\"color: #0000ff;\"><strong>*********<\/strong><\/span><\/p>\r\n<strong>Mais quand on sait que plus de 35\u00a0000 hommes partaient chaque ann\u00e9e au milieu du 19e si\u00e8cle, l\u2019annuaire num\u00e9rique ne peut pas \u00eatre exhaustif et demande \u00e0 \u00eatre enrichi<\/strong> <span style=\"color: #0000ff;\"><b>Pour ajouter votre pierre a\u0300 l\u2019\u00e9difice<\/b><\/span><span style=\"font-weight: 400;\">, envoyez vos informations a\u0300 <\/span><a href=\"mailto:contact@lesmaconsdelacreuse.fr\"><span style=\"font-weight: 400;\">contact@lesmaconsdelacreuse.fr<\/span><\/a><span style=\"font-weight: 400;\">\u00a0 (<span style=\"color: #ff0000;\">mod\u00e8le de matrice \u00e0 remplir<\/span> : <a href=\"https:\/\/www.lesmaconsdelacreuse.fr\/annuaires\/wp-content\/uploads\/2021\/05\/matrice-annuaire.docx\" target=\"_blank\" rel=\"noopener\">VOIR<\/a>) ou utilisez la fonction \u00ab je souhaite compl\u00e9ter les informations \u00bb dans chaque fiche individuelle.<\/span> NB : <span style=\"font-weight: 400;\">Cet annuaire n\u2019a pas de vocation g\u00e9n\u00e9alogique, les donn\u00e9es d\u2019\u00e9tat civil ne sont donc pas exhaustives. Seules des donn\u00e9es recueillies lors des recherches de l\u2019association sur le th\u00e8me \u00ab ma\u00e7ons de la Creuse \u00bb y sont mentionn\u00e9es. Les informations contenues dans l\u2019annuaire des migrants sont sous la seule responsabilit\u00e9 de l\u2019auteur ou des sources cit\u00e9es.<\/span><!-- \/wp:post-content -->","protected":false},"excerpt":{"rendered":"<p>Mis \u00e0 jour le : 30\/04\/2026 ACTUALIT\u00c9 R\u00c9CENTE (avril 2026) 49 800 fiches au 01\/04\/2026 et BIENT\u00d4T&#8230; 50 000 . Pour ajouter votre pierre a\u0300 l\u2019\u00e9difice, envoyez vos informations a\u0300 contact@lesmaconsdelacreuse.fr\u00a0 (mod\u00e8le de matrice \u00e0 remplir : VOIR) ou utilisez la fonction \u00ab je souhaite compl\u00e9ter les informations \u00bb dans chaque fiche individuelle. Principaux ajouts ..<\/p>\n<div class=\"clear-fix\"><\/div>\n<p><a href=\"https:\/\/www.lesmaconsdelacreuse.fr\/annuaires\/\" title=\"Lire la suite...\">Lire la suite<\/a><\/p>\n","protected":false},"author":1,"featured_media":0,"parent":0,"menu_order":0,"comment_status":"closed","ping_status":"closed","template":"full-width-template.php","meta":{"_acf_changed":false,"_exactmetrics_skip_tracking":false,"_exactmetrics_sitenote_active":false,"_exactmetrics_sitenote_note":"","_exactmetrics_sitenote_category":0,"footnotes":""},"class_list":["post-147355","page","type-page","status-publish","hentry"],"acf":[],"_links":{"self":[{"href":"https:\/\/www.lesmaconsdelacreuse.fr\/annuaires\/wp-json\/wp\/v2\/pages\/147355","targetHints":{"allow":["GET"]}}],"collection":[{"href":"https:\/\/www.lesmaconsdelacreuse.fr\/annuaires\/wp-json\/wp\/v2\/pages"}],"about":[{"href":"https:\/\/www.lesmaconsdelacreuse.fr\/annuaires\/wp-json\/wp\/v2\/types\/page"}],"author":[{"embeddable":true,"href":"https:\/\/www.lesmaconsdelacreuse.fr\/annuaires\/wp-json\/wp\/v2\/users\/1"}],"replies":[{"embeddable":true,"href":"https:\/\/www.lesmaconsdelacreuse.fr\/annuaires\/wp-json\/wp\/v2\/comments?post=147355"}],"version-history":[{"count":116,"href":"https:\/\/www.lesmaconsdelacreuse.fr\/annuaires\/wp-json\/wp\/v2\/pages\/147355\/revisions"}],"predecessor-version":[{"id":227651,"href":"https:\/\/www.lesmaconsdelacreuse.fr\/annuaires\/wp-json\/wp\/v2\/pages\/147355\/revisions\/227651"}],"wp:attachment":[{"href":"https:\/\/www.lesmaconsdelacreuse.fr\/annuaires\/wp-json\/wp\/v2\/media?parent=147355"}],"curies":[{"name":"wp","href":"https:\/\/api.w.org\/{rel}","templated":true}]}}