{"id":3,"date":"2019-07-16T12:47:16","date_gmt":"2019-07-16T10:47:16","guid":{"rendered":"http:\/\/lesmaconsdelacreuse.fr\/annuaire\/?page_id=3"},"modified":"2020-01-27T15:54:55","modified_gmt":"2020-01-27T14:54:55","slug":"politique-de-confidentialite","status":"publish","type":"page","link":"https:\/\/www.lesmaconsdelacreuse.fr\/annuaires\/politique-de-confidentialite\/","title":{"rendered":"Politique de confidentialit\u00e9"},"content":{"rendered":"<p class=\"last-updated\"><strong>Mis \u00e0 jour le :<\/strong> 02\/05\/2026<\/p>\r\n<h2 class=\"wp-block-heading\">Qui sommes-nous\u00a0?<\/h2>\r\n\r\n\r\n\r\n<p>L\u2019adresse de notre site Web est\u00a0: http:\/\/lesmaconsdelacreuse.fr\/annuaire.<\/p>\r\n\r\n\r\n\r\n<h2 class=\"wp-block-heading\">Utilisation des donn\u00e9es personnelles collect\u00e9es<\/h2>\r\n\r\n\r\n\r\n<h3 class=\"wp-block-heading\">Commentaires<\/h3>\r\n\r\n\r\n\r\n<p>Quand vous laissez un commentaire sur notre site web, les donn\u00e9es inscrites dans le formulaire de commentaire, mais aussi votre adresse IP et l\u2019agent utilisateur de votre navigateur sont collect\u00e9s pour nous aider \u00e0 la d\u00e9tection des commentaires ind\u00e9sirables.<\/p>\r\n\r\n\r\n\r\n<p>Une cha\u00eene anonymis\u00e9e cr\u00e9\u00e9e \u00e0 partir de votre adresse de messagerie (\u00e9galement appel\u00e9e hash) peut \u00eatre envoy\u00e9e au service Gravatar pour v\u00e9rifier si vous utilisez ce dernier. Les clauses de confidentialit\u00e9 du service Gravatar sont disponibles ici\u00a0: https:\/\/automattic.com\/privacy\/. Apr\u00e8s validation de votre commentaire, votre photo de profil sera visible publiquement \u00e0 cot\u00e9 de votre commentaire.<\/p>\r\n\r\n\r\n\r\n<h3 class=\"wp-block-heading\">M\u00e9dias<\/h3>\r\n\r\n\r\n\r\n<p>Si vous \u00eates un utilisateur ou une utilisatrice enregistr\u00e9\u00b7e et que vous t\u00e9l\u00e9versez des images sur le site web, nous vous conseillons d\u2019\u00e9viter de t\u00e9l\u00e9verser des images contenant des donn\u00e9es EXIF de coordonn\u00e9es GPS. Les visiteurs de votre site web peuvent t\u00e9l\u00e9charger et extraire des donn\u00e9es de localisation depuis ces images.<\/p>\r\n\r\n\r\n\r\n<h3 class=\"wp-block-heading\">Formulaires de contact<\/h3>\r\n\r\n\r\n\r\n<h3 class=\"wp-block-heading\">Cookies<\/h3>\r\n\r\n\r\n\r\n<p>Si vous d\u00e9posez un commentaire sur notre site, il vous sera propos\u00e9 d\u2019enregistrer votre nom, adresse de messagerie et site web dans des cookies. C\u2019est uniquement pour votre confort afin de ne pas avoir \u00e0 saisir ces informations si vous d\u00e9posez un autre commentaire plus tard. Ces cookies expirent au bout d\u2019un an.<\/p>\r\n\r\n\r\n\r\n<p>Si vous vous rendez sur la page de connexion, un cookie temporaire sera cr\u00e9\u00e9 afin de d\u00e9terminer si votre navigateur accepte les cookies. Il ne contient pas de donn\u00e9es personnelles et sera supprim\u00e9 automatiquement \u00e0 la fermeture de votre navigateur.<\/p>\r\n\r\n\r\n\r\n<p>Lorsque vous vous connecterez, nous mettrons en place un certain nombre de cookies pour enregistrer vos informations de connexion et vos pr\u00e9f\u00e9rences d\u2019\u00e9cran. La dur\u00e9e de vie d\u2019un cookie de connexion est de deux jours, celle d\u2019un cookie d\u2019option d\u2019\u00e9cran est d\u2019un an. Si vous cochez \u00ab\u00a0Se souvenir de moi\u00a0\u00bb, votre cookie de connexion sera conserv\u00e9 pendant deux semaines. Si vous vous d\u00e9connectez de votre compte, le cookie de connexion sera effac\u00e9.<\/p>\r\n\r\n\r\n\r\n<p>En modifiant ou en publiant une publication, un cookie suppl\u00e9mentaire sera enregistr\u00e9 dans votre navigateur. Ce cookie ne comprend aucune donn\u00e9e personnelle. Il indique simplement l\u2019ID de la publication que vous venez de modifier. Il expire au bout d\u2019un jour.<\/p>\r\n\r\n\r\n\r\n<h3 class=\"wp-block-heading\">Contenu embarqu\u00e9 depuis d\u2019autres sites<\/h3>\r\n\r\n\r\n\r\n<p>Les articles de ce site peuvent inclure des contenus int\u00e9gr\u00e9s (par exemple des vid\u00e9os, images, articles\u2026). Le contenu int\u00e9gr\u00e9 depuis d\u2019autres sites se comporte de la m\u00eame mani\u00e8re que si le visiteur se rendait sur cet autre site.<\/p>\r\n\r\n\r\n\r\n<h2>Nature des donn\u00e9es collect\u00e9es<\/h2>\r\n<p>\r\nDans le cadre de l&rsquo;utilisation des Sites, l&rsquo;\u00c9diteur est susceptible de collecter les cat\u00e9gories de donn\u00e9es\r\nsuivantes concernant ses Utilisateurs :\r\n<br><br>\r\nDonn\u00e9es d&rsquo;\u00e9tat-civil, d&rsquo;identit\u00e9, d&rsquo;identification&#8230;\r\n<br><br>\r\n<em>Communication des donn\u00e9es personnelles \u00e0 des tiers<\/em>\r\n<br><br>\r\nPas de communication \u00e0 des tiers\r\nVos donn\u00e9es ne font l&rsquo;objet d&rsquo;aucune communication \u00e0 des tiers. Vous \u00eates toutefois inform\u00e9s qu&rsquo;elles\r\npourront \u00eatre divulgu\u00e9es en application d&rsquo;une loi, d&rsquo;un r\u00e8glement ou en vertu d&rsquo;une d\u00e9cision d&rsquo;une autorit\u00e9\r\nr\u00e9glementaire ou judiciaire comp\u00e9tente.\r\n<br><br>\r\n<em>Information pr\u00e9alable et possibilit\u00e9 d\u2019opt-out avant et apr\u00e8s la fusion \/ acquisition<\/em>\r\n<br><br>\r\nDans le cas o\u00f9 nous prendrions part \u00e0 une op\u00e9ration de fusion, d\u2019acquisition ou \u00e0 toute autre forme de cession\r\nd\u2019actifs, nous nous engageons \u00e0 garantir la confidentialit\u00e9 de vos donn\u00e9es personnelles et \u00e0 vous informer\r\navant que celles-ci ne soient transf\u00e9r\u00e9es ou soumises \u00e0 de nouvelles r\u00e8gles de confidentialit\u00e9.<\/p>\r\n<br><br>\r\n<h2>Finalit\u00e9 de la r\u00e9utilisation des donn\u00e9es personnelles collect\u00e9es<\/h2>\r\n<h3>La gestion des demandes de droit d&rsquo;acc\u00e8s, de rectification et d&rsquo;opposition<\/h3>\r\n<h4>Agr\u00e9gation avec des donn\u00e9es non personnelles<\/h4>\r\n<p>\r\nNous pouvons publier, divulguer et utiliser les informations agr\u00e9g\u00e9es (informations relatives \u00e0 tous nos\r\nUtilisateurs ou \u00e0 des groupes ou cat\u00e9gories sp\u00e9cifiques d&rsquo;Utilisateurs que nous combinons de mani\u00e8re \u00e0 ce\r\nqu&rsquo;un Utilisateur individuel ne puisse plus \u00eatre identifi\u00e9 ou mentionn\u00e9) et les informations non personnelles \u00e0\r\ndes fins d&rsquo;analyse du secteur et du march\u00e9, de profilage d\u00e9mographique, \u00e0 des fins promotionnelles et\r\npublicitaires et \u00e0 d&rsquo;autres fins commerciales.\r\n<br><br>\r\n<em>Agr\u00e9gation avec des donn\u00e9es personnelles disponibles sur les comptes sociaux de l&rsquo;Utilisateur<\/em>\r\n<br><br>\r\nSi vous connectez votre compte \u00e0 un compte d\u2019un autre service afin de faire des envois crois\u00e9s, ledit service\r\npourra nous communiquer vos informations de profil, de connexion, ainsi que toute autre information dont\r\nvous avez autoris\u00e9 la divulgation. Nous pouvons agr\u00e9ger les informations relatives \u00e0 tous nos autres\r\nUtilisateurs, groupes, comptes, aux donn\u00e9es personnelles disponibles sur l\u2019Utilisateur.\r\nCollecte des donn\u00e9es d&rsquo;identit\u00e9.\r\n<br><br>\r\n<em>Inscription et identification pr\u00e9alable pour la fourniture du service<\/em>\r\n<br><br>\r\nL\u2019utilisation du Site n\u00e9cessite une inscription et une identification pr\u00e9alable. Vos donn\u00e9es nominatives (nom,\r\npr\u00e9nom, adresse postale, e-mail, num\u00e9ro de t\u00e9l\u00e9phone,&#8230;) sont utilis\u00e9es pour ex\u00e9cuter nos obligations l\u00e9gales\r\nr\u00e9sultant de la livraison des produits et \/ ou des services, en vertu du Contrat de licence utilisateur final, de la\r\nLimite de garantie, le cas \u00e9ch\u00e9ant, ou de toute autre condition applicable. Vous ne fournirez pas de fausses\r\ninformations nominatives et ne cr\u00e9erez pas de compte pour une autre personne sans son autorisation. Vos\r\ncoordonn\u00e9es devront toujours \u00eatre exactes et \u00e0 jour.\r\n<br><br>\r\n<em>Utilisation de l&rsquo;identifiant de l\u2019utilisateur uniquement pour l\u2019acc\u00e8s aux services<\/em>\r\n<br><br>\r\nNous utilisons vos identifiants \u00e9lectroniques seulement pour et pendant l&rsquo;ex\u00e9cution du contrat.\r\nCollecte des donn\u00e9es du terminal\r\n<br><br>\r\nNous ne collectons et ne conservons aucune donn\u00e9e technique de votre appareil (adresse IP, fournisseur\r\nd&rsquo;acc\u00e8s \u00e0 Internet&#8230;).<\/p>\r\n<br><br>\r\n<h4>D\u00e9lai de conservation des donn\u00e9es personnelles et d&rsquo;anonymisation<\/h4>\r\n<p>\r\nConservation des donn\u00e9es pendant la dur\u00e9e de la relation contractuelle\r\nConform\u00e9ment \u00e0 l&rsquo;article 6-5\u00b0 de la loi n\u00b078-17 du 6 janvier 1978 relative \u00e0 l&rsquo;informatique, aux fichiers et aux\r\nlibert\u00e9s, les donn\u00e9es \u00e0 caract\u00e8re personnel faisant l&rsquo;objet d&rsquo;un traitement ne sont pas conserv\u00e9es au-del\u00e0 du\r\ntemps n\u00e9cessaire \u00e0 l&rsquo;ex\u00e9cution des obligations d\u00e9finies lors de la conclusion du contrat ou de la dur\u00e9e\r\npr\u00e9d\u00e9finie de la relation contractuelle.\r\n<br><br>\r\n<em>Conservation des donn\u00e9es anonymis\u00e9es au del\u00e0 de la relation contractuelle \/ apr\u00e8s la suppression du\r\ncompte<\/em>\r\n<br><br>\r\nNous conservons les donn\u00e9es personnelles pour la dur\u00e9e strictement n\u00e9cessaire \u00e0 la r\u00e9alisation des finalit\u00e9s\r\nd\u00e9crites dans les pr\u00e9sentes CGU. Au-del\u00e0 de cette dur\u00e9e, elles seront anonymis\u00e9es et conserv\u00e9es \u00e0 des fins\r\nexclusivement statistiques et ne donneront lieu \u00e0 aucune exploitation, de quelque nature que ce soit.\r\nSuppression des donn\u00e9es apr\u00e8s suppression du compte\r\nDes moyens de purge de donn\u00e9es sont mis en place afin d&rsquo;en pr\u00e9voir la suppression effective d\u00e8s lors que la\r\ndur\u00e9e de conservation ou d&rsquo;archivage n\u00e9cessaire \u00e0 l&rsquo;accomplissement des finalit\u00e9s d\u00e9termin\u00e9es ou impos\u00e9es\r\nest atteinte. Conform\u00e9ment \u00e0 la loi n\u00b078-17 du 6 janvier 1978 relative \u00e0 l&rsquo;informatique, aux fichiers et aux\r\nlibert\u00e9s, vous disposez par ailleurs d&rsquo;un droit de suppression sur vos donn\u00e9es que vous pouvez exercer \u00e0 tout\r\nmoment en prenant contact avec l&rsquo;\u00c9diteur.\r\n<br><br>\r\n<em>Suppression des donn\u00e9es apr\u00e8s 3 ans d&rsquo;inactivit\u00e9<\/em>\r\n<br><br>\r\nPour des raisons de s\u00e9curit\u00e9, si vous ne vous \u00eates pas authentifi\u00e9 sur le Site pendant une p\u00e9riode de trois ans,\r\nvous recevrez un e-mail vous invitant \u00e0 vous connecter dans les plus brefs d\u00e9lais, sans quoi vos donn\u00e9es seront\r\nsupprim\u00e9es de nos bases de donn\u00e9es<\/p>","protected":false},"excerpt":{"rendered":"<p>Mis \u00e0 jour le : 02\/05\/2026 Qui sommes-nous\u00a0? L\u2019adresse de notre site Web est\u00a0: http:\/\/lesmaconsdelacreuse.fr\/annuaire. Utilisation des donn\u00e9es personnelles collect\u00e9es Commentaires Quand vous laissez un commentaire sur notre site web, les donn\u00e9es inscrites dans le formulaire de commentaire, mais aussi votre adresse IP et l\u2019agent utilisateur de votre navigateur sont collect\u00e9s pour nous aider \u00e0 ..<\/p>\n<div class=\"clear-fix\"><\/div>\n<p><a href=\"https:\/\/www.lesmaconsdelacreuse.fr\/annuaires\/politique-de-confidentialite\/\" title=\"Lire la suite...\">Lire la suite<\/a><\/p>\n","protected":false},"author":1,"featured_media":0,"parent":0,"menu_order":0,"comment_status":"closed","ping_status":"open","template":"full-width-template.php","meta":{"_acf_changed":false,"_exactmetrics_skip_tracking":false,"_exactmetrics_sitenote_active":false,"_exactmetrics_sitenote_note":"","_exactmetrics_sitenote_category":0,"footnotes":""},"class_list":["post-3","page","type-page","status-publish","hentry"],"acf":[],"_links":{"self":[{"href":"https:\/\/www.lesmaconsdelacreuse.fr\/annuaires\/wp-json\/wp\/v2\/pages\/3","targetHints":{"allow":["GET"]}}],"collection":[{"href":"https:\/\/www.lesmaconsdelacreuse.fr\/annuaires\/wp-json\/wp\/v2\/pages"}],"about":[{"href":"https:\/\/www.lesmaconsdelacreuse.fr\/annuaires\/wp-json\/wp\/v2\/types\/page"}],"author":[{"embeddable":true,"href":"https:\/\/www.lesmaconsdelacreuse.fr\/annuaires\/wp-json\/wp\/v2\/users\/1"}],"replies":[{"embeddable":true,"href":"https:\/\/www.lesmaconsdelacreuse.fr\/annuaires\/wp-json\/wp\/v2\/comments?post=3"}],"version-history":[{"count":0,"href":"https:\/\/www.lesmaconsdelacreuse.fr\/annuaires\/wp-json\/wp\/v2\/pages\/3\/revisions"}],"wp:attachment":[{"href":"https:\/\/www.lesmaconsdelacreuse.fr\/annuaires\/wp-json\/wp\/v2\/media?parent=3"}],"curies":[{"name":"wp","href":"https:\/\/api.w.org\/{rel}","templated":true}]}}